{"id":6,"date":"2023-06-27T13:02:11","date_gmt":"2023-06-27T13:02:11","guid":{"rendered":"https:\/\/historiaintelectual.es\/?page_id=6"},"modified":"2023-06-27T16:48:17","modified_gmt":"2023-06-27T16:48:17","slug":"presentacion","status":"publish","type":"page","link":"https:\/\/historiaintelectual.es\/","title":{"rendered":"PRESENTACI\u00d3N"},"content":{"rendered":"\n<p class=\"has-small-font-size\">Los dos principales ejes de trabajo del <strong>Grupo de Investigaci\u00f3n en \u00abHistoria Intelectual de la Pol\u00edtica Moderna: lenguajes y conceptos jur\u00eddico-pol\u00edticos\u00bb (IT 1663-22)<\/strong> son los siguientes:<\/p>\n\n\n\n<ol>\n<li class=\"has-small-font-size\">An\u00e1lisis de los principales lenguajes y conceptos pol\u00edticos del mundo moderno, con especial atenci\u00f3n a la era de las revoluciones.<\/li>\n\n\n\n<li class=\"has-small-font-size\">Bases metodol\u00f3gicas para el estudio hist\u00f3rico de los conceptos, met\u00e1foras y ret\u00f3rica pol\u00edtica, as\u00ed como para el estudio del lenguaje constitucional en el mundo contempor\u00e1neo<\/li>\n<\/ol>\n\n\n\n<p class=\"has-small-font-size\">Estas dos l\u00edneas de investigaci\u00f3n y formaci\u00f3n se concretan en una serie de cursos, seminarios y publicaciones, incluyendo varias obras de referencia en historia conceptual centradas en el \u00e1mbito espa\u00f1ol, europeo e iberoamericano, particularmente en la era de las revoluciones liberales y de independencia.<\/p>\n\n\n\n<p class=\"has-small-font-size\">A tal efecto, trabajamos coordinadamente con varios grupos y redes de investigaci\u00f3n transnacionales en los que estamos integrados, como\u00a0<a rel=\"noreferrer noopener\" href=\"https:\/\/web.archive.org\/web\/20210619175321\/http:\/\/www.iberconceptos.net\/\" target=\"_blank\">Iberconceptos<\/a>. Los dos ejes principales de trabajo mencionados no agotan sin embargo el abanico de intereses de los miembros del grupo, que se extiende asimismo a diversos temas hist\u00f3rico-pol\u00edticos, sociol\u00f3gicos y jur\u00eddico-constitucionales.<\/p>\n","protected":false},"excerpt":{"rendered":"<p>Los dos principales ejes de trabajo del Grupo de Investigaci\u00f3n en \u00abHistoria Intelectual de la Pol\u00edtica Moderna: lenguajes y conceptos jur\u00eddico-pol\u00edticos\u00bb (IT 1663-22) son los siguientes: Estas dos l\u00edneas de investigaci\u00f3n y formaci\u00f3n se concretan en una serie de cursos,&#8230; <a class=\"more-link\" href=\"https:\/\/historiaintelectual.es\/\">Seguir leyendo &rarr;<\/a><\/p>\n","protected":false},"author":1,"featured_media":0,"parent":0,"menu_order":0,"comment_status":"closed","ping_status":"closed","template":"","meta":[],"_links":{"self":[{"href":"https:\/\/historiaintelectual.es\/index.php?rest_route=\/wp\/v2\/pages\/6"}],"collection":[{"href":"https:\/\/historiaintelectual.es\/index.php?rest_route=\/wp\/v2\/pages"}],"about":[{"href":"https:\/\/historiaintelectual.es\/index.php?rest_route=\/wp\/v2\/types\/page"}],"author":[{"embeddable":true,"href":"https:\/\/historiaintelectual.es\/index.php?rest_route=\/wp\/v2\/users\/1"}],"replies":[{"embeddable":true,"href":"https:\/\/historiaintelectual.es\/index.php?rest_route=%2Fwp%2Fv2%2Fcomments&post=6"}],"version-history":[{"count":3,"href":"https:\/\/historiaintelectual.es\/index.php?rest_route=\/wp\/v2\/pages\/6\/revisions"}],"predecessor-version":[{"id":127,"href":"https:\/\/historiaintelectual.es\/index.php?rest_route=\/wp\/v2\/pages\/6\/revisions\/127"}],"wp:attachment":[{"href":"https:\/\/historiaintelectual.es\/index.php?rest_route=%2Fwp%2Fv2%2Fmedia&parent=6"}],"curies":[{"name":"wp","href":"https:\/\/api.w.org\/{rel}","templated":true}]}}