{"id":23,"date":"2023-06-27T13:05:53","date_gmt":"2023-06-27T13:05:53","guid":{"rendered":"https:\/\/historiaintelectual.es\/?page_id=23"},"modified":"2023-10-19T09:19:12","modified_gmt":"2023-10-19T09:19:12","slug":"coloquios-mesas-redondas-y-presentaciones","status":"publish","type":"page","link":"https:\/\/historiaintelectual.es\/?page_id=23","title":{"rendered":"CONFERENCIAS, MESAS REDONDAS Y PRESENTACIONES"},"content":{"rendered":"\n<div class=\"wp-block-columns is-layout-flex wp-container-3\">\n<div class=\"wp-block-column is-layout-flow\">\n<p><\/p>\n\n\n\n<h4 class=\"wp-block-heading has-text-align-center has-white-color has-light-gray-background-color has-text-color has-background\" id=\"block-67bf9c98-2914-4e3f-9591-eaec8d477ae9\">Javier Fern\u00e1ndez Sebasti\u00e1n<\/h4>\n<\/div>\n\n\n\n<div class=\"wp-block-column is-layout-flow\"><div class=\"wp-block-image\">\n<figure class=\"aligncenter size-full is-resized\"><img decoding=\"async\" loading=\"lazy\" src=\"https:\/\/historiaintelectual.es\/wp-content\/uploads\/2023\/06\/IMAGEN-17.jpg\" alt=\"\" class=\"wp-image-223\" width=\"245\" height=\"161\"\/><\/figure><\/div><\/div>\n<\/div>\n\n\n\n<p><strong>Acto:<\/strong> \u00abPalabras del pasado, representaciones del futuro\u00bb, acto de homenaje al profesor Javier Fern\u00e1ndez Sebasti\u00e1n.<\/p>\n\n\n\n<p><strong>Organizaci\u00f3n:<\/strong> Centro de Estudios pol\u00edticos y Constitucionales. Plaza de la Marina Espa\u00f1ola. Madrid.<\/p>\n\n\n\n<p><strong>Fecha:<\/strong> 28 de septiembre de 2023, de 18:00 a 19:30<\/p>\n\n\n\n<div class=\"wp-block-buttons is-content-justification-center is-layout-flex wp-container-4\">\n<div class=\"wp-block-button\"><a class=\"wp-block-button__link wp-element-button\" href=\"https:\/\/media.watchity.com\/cepc\/videos\/20230928_Video.mp4\" target=\"_blank\" rel=\"noreferrer noopener\">Enlace<\/a><\/div>\n<\/div>\n\n\n\n<p><\/p>\n\n\n\n<p class=\"has-small-font-size\"><strong>CONFERENCIA Y SEMINARIO:&nbsp;<\/strong>\u201cCategor\u00edas, clases e identidades en el tiempo: Una cr\u00edtica del cronocentrismo moderno\u00bb y \u00abUn mundo en devenir: El descubrimiento del futuro en el mundo hisp\u00e1nico\u00bb<\/p>\n\n\n\n<p class=\"has-small-font-size\"><strong>ORGANZACI\u00d3N<\/strong>: \u201cInstituto de Investigaciones Hist\u00f3ricas\u201d (UNAM)<\/p>\n\n\n\n<p class=\"has-small-font-size\"><strong>LUGAR DE CELEBRACI\u00d3N:<\/strong>&nbsp;Sal\u00f3n de actos del Instituto de Investigaciones Hist\u00f3ricas de la UNAM.<\/p>\n\n\n\n<p class=\"has-small-font-size\"><strong>FECHA:<\/strong>&nbsp;6 y 7 de Abril de 2015<\/p>\n\n\n\n<div class=\"wp-block-file\"><a id=\"wp-block-file--media-46a26aa4-905f-4c75-bd4f-9a39d53c6702\" href=\"https:\/\/historiaintelectual.es\/wp-content\/uploads\/2023\/06\/Cartel-Fernandez-Sebastian_conferencias_UNAM_2015.pdf\">Cartel-Fernandez-Sebastian_conferencias_UNAM_2015<\/a><a href=\"https:\/\/historiaintelectual.es\/wp-content\/uploads\/2023\/06\/Cartel-Fernandez-Sebastian_conferencias_UNAM_2015.pdf\" class=\"wp-block-file__button wp-element-button\" download aria-describedby=\"wp-block-file--media-46a26aa4-905f-4c75-bd4f-9a39d53c6702\">Descarga<\/a><\/div>\n\n\n\n<hr class=\"wp-block-separator has-alpha-channel-opacity\"\/>\n\n\n\n<p class=\"has-small-font-size\"><strong>CONFERENCIA Y SEMINARIO:&nbsp;<\/strong>\u201cVocabularies of Modern Politics in the Iberian Atlantic\u201d<\/p>\n\n\n\n<p class=\"has-small-font-size\"><strong>ORGANZACI\u00d3N<\/strong>: \u201cThe Center for Ideas and Society and the Department of Political Science\u201d<\/p>\n\n\n\n<p class=\"has-small-font-size\"><strong>LUGAR DE CELEBRACI\u00d3N:<\/strong>&nbsp;UC Riverside en California<\/p>\n\n\n\n<p class=\"has-small-font-size\"><strong>FECHA:<\/strong>&nbsp;2 de Abril de 2015<\/p>\n\n\n\n<div class=\"wp-block-file\"><a id=\"wp-block-file--media-42abb031-edb0-4c45-855c-30968b3b8789\" href=\"https:\/\/historiaintelectual.es\/wp-content\/uploads\/2023\/06\/Cartel_Riverside_The-2015-John-Stanley-Memorial-Colloquium-copia.pdf\">Cartel_Riverside_The-2015-John-Stanley-Memorial-Colloquium-copia<\/a><a href=\"https:\/\/historiaintelectual.es\/wp-content\/uploads\/2023\/06\/Cartel_Riverside_The-2015-John-Stanley-Memorial-Colloquium-copia.pdf\" class=\"wp-block-file__button wp-element-button\" download aria-describedby=\"wp-block-file--media-42abb031-edb0-4c45-855c-30968b3b8789\">Descarga<\/a><\/div>\n\n\n\n<hr class=\"wp-block-separator has-alpha-channel-opacity\"\/>\n\n\n\n<p class=\"has-small-font-size\"><strong>CONFERENCIA Y SEMINARIO:<\/strong>&nbsp;\u201cTranslating Political Vocabulary in the Iberian Atlantic. Historical Semantics and Conceptual Transfers \u201d<br><strong>ORGANIZACION:<\/strong>&nbsp;Max-Plank-Institut f\u00fcr Europ\u00e4ische Rechtsgeschichte<br><strong>LUGAR DE CELEBRACION:<\/strong>&nbsp;Goethe Universit\u00e4t, Frankfurt am Maine (Alemania)<br><strong>FECHA:<\/strong>&nbsp;20 de enero de 2015<\/p>\n\n\n\n<div class=\"wp-block-buttons is-content-justification-center is-layout-flex wp-container-5\">\n<div class=\"wp-block-button\"><a class=\"wp-block-button__link has-white-color has-black-background-color has-text-color has-background has-text-align-center wp-element-button\" href=\"http:\/\/www.normativeorders.net\/de\/veranstaltungen\/frankfurt-lectures\/38-veranstaltungen\/ringvorlesungen\/3250-translating-political-vocabularies-in-the-iberian-atlantic-historical-semantics-and-conceptual-transfers\" target=\"_blank\" rel=\"noreferrer noopener\">Enlace<\/a><\/div>\n<\/div>\n\n\n\n<hr class=\"wp-block-separator has-alpha-channel-opacity\"\/>\n\n\n\n<p class=\"has-small-font-size\"><strong>CONFERENCIA Y SEMINARIO:<\/strong>&nbsp;\u201cWhat is Conceptual History. Definitions, Interpretations, Narrations\u201d<br><strong>ORGANIZACION:<\/strong>&nbsp;The West University of Timi\u015foara<br><strong>LUGAR DE CELEBRACION:<\/strong>&nbsp;Museum of Fine Arts, Timi\u015foara (Rumania)<br><strong>FECHA:<\/strong>&nbsp;1 de noviembre de 2013<\/p>\n\n\n\n<hr class=\"wp-block-separator has-alpha-channel-opacity\"\/>\n\n\n\n<p class=\"has-small-font-size\"><strong>CONFERENCIA Y SEMINARIO:<\/strong>&nbsp;\u201cConciencia hist\u00f3rica e historia conceptual. Tradici\u00f3n e innovaci\u00f3n en historia intelectual\u201d<br><strong>ORGANIZACION:<\/strong>&nbsp;Instituto de Estudos Sociais e Pol\u00edticos \u2013 IESP<br><strong>LUGAR DE CELEBRACION:<\/strong>&nbsp;Funda\u00e7\u00e3o Casa de Rui Barbosa, R\u00edo de Janeiro (Brasil)<br><strong>FECHA:<\/strong>&nbsp;10 de mayo de 2013<\/p>\n\n\n\n<hr class=\"wp-block-separator has-alpha-channel-opacity\"\/>\n\n\n\n<p class=\"has-small-font-size\"><strong>CONFERENCIA Y SEMINARIO:<\/strong>&nbsp;\u201cTiempos convulsos, nacionalidades fluctuantes. Acerca de los marcos espacio-temporales de las revoluciones iberoamericanas\u201d<br><strong>ORGANIZACION:<\/strong>&nbsp;Universidade Estadual do Rio de Janeiro (UERJ)<br><strong>LUGAR DE CELEBRACION:<\/strong>&nbsp;R\u00edo de Janeiro (Brasil)<br><strong>FECHA:<\/strong>&nbsp;9 de mayo de 2013<\/p>\n\n\n\n<hr class=\"wp-block-separator has-alpha-channel-opacity\"\/>\n\n\n\n<p class=\"has-small-font-size\"><strong>CONFERENCIA Y DEBATE EN MESA REDONDA:<\/strong>&nbsp;\u201cEntre innovaci\u00f3n y tradici\u00f3n. Cambio, continuidad y ruptura en historia intelectual\u201d<br><strong>ORGANIZACION:<\/strong>&nbsp;F\u00f3rum da revista Almanack. UNIFESP (Universidade Federal de S\u00e3o Paulo)<br><strong>LUGAR DE CELEBRACION:<\/strong>&nbsp;S\u00e3o Paulo (Brasil)<br><strong>FECHA:<\/strong>&nbsp;3 de mayo de 2013<\/p>\n\n\n\n<hr class=\"wp-block-separator has-alpha-channel-opacity\"\/>\n\n\n\n<p class=\"has-small-font-size\"><strong>CONFERENCIA magistral:<\/strong>&nbsp;\u201cUna nueva pol\u00edtica y un tiempo nuevo. Conciencia hist\u00f3rica y cambio conceptual en una era de revoluciones\u201d<br><strong>ORGANIZACION:<\/strong>&nbsp;Universidad de Ciencias y Artes de Chiapas (XI Congreso Centroamericano de Historia,sobre Construcci\u00f3n de los espacios hist\u00f3ricos en la regi\u00f3n centroamericana y El Caribe, desde los retos y perspectivas del siglo XXI)<br><strong>LUGAR DE CELEBRACION:<\/strong>&nbsp;San Crist\u00f3bal de las Casas (Chiapas), M\u00e9xico<br><strong>FECHA:<\/strong>&nbsp;6-10 Agosto 2012<\/p>\n\n\n\n<hr class=\"wp-block-separator has-alpha-channel-opacity\"\/>\n\n\n\n<p class=\"has-small-font-size\"><strong>CONFERENCIA:<\/strong>&nbsp;\u201cRevoluciones hisp\u00e1nicas y tiempo hist\u00f3rico: De la tradici\u00f3n a la modernidad\u201d<br><strong>ORGANIZACION:<\/strong>&nbsp;Programa de Historia de las Ideas Pol\u00edticas \u2013 Facultad de Ciencias Sociales e Historia \u2013 Universidad Diego Portales<br><strong>LUGAR DE CELEBRACION:<\/strong>&nbsp;Santiago de Chile<br><strong>FECHA:<\/strong>&nbsp;14 Septiembre 2011<\/p>\n\n\n\n<hr class=\"wp-block-separator has-alpha-channel-opacity\"\/>\n\n\n\n<p class=\"has-small-font-size\"><strong>CONFERENCIA:<\/strong>&nbsp;\u201cHistoria conceptual. Un cambio de perspectiva en la aprehensi\u00f3n del cambio hist\u00f3rico\u201d<br><strong>ORGANIZACION:<\/strong>&nbsp;Universidad Cat\u00f3lica D\u00e1maso Antonio Larra\u00f1aga (UCUDAL)<br><strong>LUGAR DE CELEBRACION:<\/strong>&nbsp;Montevideo<br><strong>FECHA:<\/strong>&nbsp;5 Septiembre 2011<\/p>\n\n\n\n<hr class=\"wp-block-separator has-alpha-channel-opacity\"\/>\n\n\n\n<p class=\"has-small-font-size\"><strong>CONFERENCIA:<\/strong>&nbsp;\u201cIdentidades atl\u00e1nticas. El mundo hisp\u00e1nico en el tr\u00e1nsito a la modernidad\u201d, en Seminario \u201cMemoria cultural e identidades fronterizas. Entre la construcci\u00f3n narrativa y el giro ic\u00f3nico\u201d<br><strong>ORGANIZACION:<\/strong>&nbsp;Instituto de Filosof\u00eda del CSIC<br><strong>LUGAR DE CELEBRACION:<\/strong>&nbsp;Madrid<br><strong>FECHA:<\/strong>&nbsp;22 Enero 2010<\/p>\n\n\n\n<hr class=\"wp-block-separator has-alpha-channel-opacity\"\/>\n\n\n\n<p class=\"has-small-font-size\"><strong>CONFERENCIA:<\/strong>&nbsp;\u201c\u2019Proyecto ilustrado\u2019 e Ilustraci\u00f3n espa\u00f1ola: conceptos filos\u00f3fico-pol\u00edticos y conceptos historiogr\u00e1ficos\u201d, en Curso de Verano de la Universidad de C\u00e1diz: El reflejo de la lengua y la ideolog\u00eda ilustradas en las Cortes de C\u00e1diz<br><strong>ORGANIZACION:<\/strong>&nbsp;Fundaci\u00f3n Carlos Casares-Universidad de A Coru\u00f1a<br><strong>LUGAR DE CELEBRACION:<\/strong>&nbsp;El Ferrol<br><strong>FECHA:<\/strong>&nbsp;18 noviembre 2009<\/p>\n\n\n\n<hr class=\"wp-block-separator has-alpha-channel-opacity\"\/>\n\n\n\n<p class=\"has-small-font-size\"><strong>CONFERENCIA:<\/strong>&nbsp;\u201cPol\u00edtica y lenguaje en la crisis del mundo hisp\u00e1nico. Met\u00e1foras y conceptos pol\u00edticos en la era de las revoluciones de independencia\u201d<br><strong>ORGANIZACION:<\/strong>&nbsp;Instituto Ra\u00fal Porras Barrenechea de la Universidad Nacional Mayor de San Marcos<br><strong>LUGAR DE CELEBRACION:<\/strong>&nbsp;Lima (Per\u00fa)<br><strong>FECHA:<\/strong>&nbsp;4 agosto 2009<\/p>\n\n\n\n<hr class=\"wp-block-separator has-alpha-channel-opacity\"\/>\n\n\n\n<p class=\"has-small-font-size\"><strong>CONFERENCIA:<\/strong>&nbsp;\u201cPol\u00edtica, lenguaje y tiempo en las Revoluciones hisp\u00e1nicas\u201d, en Laboratorio de Independencias 2009<br><strong>ORGANIZACION:<\/strong>&nbsp;Grupo de Estudios Americanos-CSIC<br><strong>LUGAR DE CELEBRACION:<\/strong>&nbsp;Madrid<br><strong>FECHA:<\/strong>&nbsp;8 junio 2009<\/p>\n\n\n\n<hr class=\"wp-block-separator has-alpha-channel-opacity\"\/>\n\n\n\n<p class=\"has-small-font-size\"><strong>CONFERENCIA:<\/strong>&nbsp;Conceptos, met\u00e1foras y mitos en las Revoluciones atl\u00e1nticas<br><strong>ORGANIZACION:<\/strong>&nbsp;El Colegio de M\u00e9xico-Centro de Estudios Hist\u00f3ricos. Seminario Permanente M\u00e9xico-Espa\u00f1a siglos XIX y XX. Seminario de Historia Intelectual de Am\u00e9rica Latina Siglos XIX y XX<br><strong>LUGAR DE CELEBRACION:<\/strong>&nbsp;M\u00e9xico, DF<br><strong>FECHA:<\/strong>&nbsp;noviembre 2009<\/p>\n\n\n\n<hr class=\"wp-block-separator has-alpha-channel-opacity\"\/>\n\n\n\n<p class=\"has-small-font-size\"><strong>CONFERENCIA:<\/strong>&nbsp;Setting the Project Guidelines, Proposal for Questionnaire and A suggestion Concerning the First Selection of a Cluster of Concepts<br><strong>ORGANIZACION:<\/strong>&nbsp;Workshop III. European Conceptual History-Project. Theoretical Outlines and Thematic Frameworks (Europaeum y Finland-Institut in Deutschland)<br><strong>LUGAR DE CELEBRACION:<\/strong>&nbsp;Berl\u00edn<br><strong>FECHA:<\/strong>&nbsp;11-12 Octubre 2008<\/p>\n\n\n\n<hr class=\"wp-block-separator has-alpha-channel-opacity\"\/>\n\n\n\n<p class=\"has-small-font-size\"><strong>CONFERENCIA:<\/strong>&nbsp;Debating Freedom of Thought and Expression during the Crisis of the Hispanic World: The Limits of Tolerance in a Catholic Society<br><strong>ORGANIZACION:<\/strong>&nbsp;Faculty Seminar on 18th-Century European Culture. Columbia University.<br><strong>LUGAR DE CELEBRACION:<\/strong>&nbsp;Nueva York, EE UU<br><strong>FECHA:<\/strong>&nbsp;febrero 2008<\/p>\n\n\n\n<hr class=\"wp-block-separator has-alpha-channel-opacity\"\/>\n\n\n\n<p class=\"has-small-font-size\"><strong>CONFERENCIA:<\/strong>&nbsp;El mundo trastornado. Lenguaje pol\u00edtico y experiencias del tiempo durante las Revoluciones hisp\u00e1nicas<br><strong>ORGANIZACION:<\/strong>&nbsp;Coll\u00e8ge de France \u2013 Chaire d\u2019Histoire Modrne et Contemporaine du Politique (Professeur Pierre Rosanvallon)<br><strong>LUGAR DE CELEBRACION:<\/strong>&nbsp;Par\u00eds<br><strong>FECHA:<\/strong>&nbsp;enero 2008<\/p>\n\n\n\n<hr class=\"wp-block-separator has-alpha-channel-opacity\"\/>\n\n\n\n<p class=\"has-small-font-size\"><strong>CONFERENCIA:<\/strong>&nbsp;Experiencia hist\u00f3rica y conceptos pol\u00edticos en tiempos de las revoluciones liberales y de independencia<br><strong>ORGANIZACION:<\/strong>&nbsp;Universidad Michoacana de San Nicol\u00e1s de Hidalgo \u2013 Instituto de Investigaciones Hist\u00f3ricas<br><strong>LUGAR DE CELEBRACION:<\/strong>&nbsp;Morelia, Michoac\u00e1n<br><strong>FECHA:<\/strong>&nbsp;noviembre 2007<\/p>\n\n\n\n<hr class=\"wp-block-separator has-alpha-channel-opacity\"\/>\n\n\n\n<p class=\"has-small-font-size\"><strong>CONFERENCIA:<\/strong>&nbsp;Historia del concepto \u2018opini\u00f3n p\u00fablica\u2019<br><strong>ORGANIZACION:<\/strong>&nbsp;\u00bfQui\u00e9n opina en la opini\u00f3n p\u00fablica? Parlamento, encuestas y medios de comunicaci\u00f3n, IV Cursos de Verano de la Universidad de Cantabria<br><strong>LUGAR DE CELEBRACION:<\/strong>&nbsp;Santander<br><strong>FECHA:<\/strong>&nbsp;julio 2007<\/p>\n\n\n\n<hr class=\"wp-block-separator has-alpha-channel-opacity\"\/>\n\n\n\n<p class=\"has-small-font-size\"><strong>CONFERENCIA:<\/strong>&nbsp;El mundo atl\u00e1ntico como laboratorio conceptual. Bases para un Diccionario hist\u00f3rico del lenguaje pol\u00edtico y social en Iberoam\u00e9rica<br><strong>ORGANIZACION:<\/strong>&nbsp;Universidad Central de Venezuela, Facultad de Ciencias Jur\u00eddicas y Pol\u00edticas. Escuela de Estudios Pol\u00edticos y Administrativos<br><strong>LUGAR DE CELEBRACION:<\/strong>&nbsp;Caracas, Venezuela<br><strong>FECHA:<\/strong>&nbsp;octubre 2006<\/p>\n\n\n\n<hr class=\"wp-block-separator has-alpha-channel-opacity\"\/>\n\n\n\n<p class=\"has-small-font-size\"><strong>CONFERENCIA:<\/strong>&nbsp;El historiador frente a los conceptos y categor\u00edas del pasado. Una nueva vuelta de tuerca a la historicidad de la historiograf\u00eda<br><strong>ORGANIZACION:<\/strong>&nbsp;Departamento de Ciencias Hist\u00f3ricas. Facultad de Filosof\u00eda y Humanidades. Universidad de Chile<br><strong>LUGAR DE CELEBRACION:<\/strong>&nbsp;Santiago de Chile<br><strong>FECHA:<\/strong>&nbsp;octubre 2006<\/p>\n\n\n\n<hr class=\"wp-block-separator has-alpha-channel-opacity\"\/>\n\n\n\n<p class=\"has-small-font-size\"><strong>CONFERENCIA:<\/strong>&nbsp;Conceptos, modelos e historiograf\u00eda en las revoluciones del mundo atl\u00e1ntico<br><strong>ORGANIZACION:<\/strong>&nbsp;Instituto de Historia Argentina y Americana \u201cDr. Emilio Ravignani\u201d, Facultad de Geograf\u00eda e Historia, Universidad de Buenos Aires<br><strong>LUGAR DE CELEBRACION:<\/strong>&nbsp;Buenos Aires<br><strong>FECHA:<\/strong>&nbsp;octubre 2006<\/p>\n\n\n\n<hr class=\"wp-block-separator has-alpha-channel-opacity\"\/>\n\n\n\n<p class=\"has-small-font-size\"><strong>CONFERENCIA:<\/strong>&nbsp;(en colaboraci\u00f3n con Juan Francisco Fuentes) The Language of Democracy in the Early 21st Century: A Crisis of Language or a Crisis of System?<br><strong>ORGANIZACION:<\/strong>&nbsp;Center for European Studies (Harvard University)<br><strong>LUGAR DE CELEBRACION:<\/strong>&nbsp;Cambridge, Massachussetts<br><strong>FECHA:<\/strong>&nbsp;abril 2006<\/p>\n\n\n\n<hr class=\"wp-block-separator has-alpha-channel-opacity\"\/>\n\n\n\n<p class=\"has-small-font-size\"><strong>CONFERENCIA:<\/strong>&nbsp;Dos conceptos hist\u00f3ricos e historiogr\u00e1ficos capitales: Ilustraci\u00f3n y liberalismo<br><strong>ORGANIZACION:<\/strong>&nbsp;Universit\u00e9 de la Sorbonne Nouvelle-Paris III<br><strong>LUGAR DE CELEBRACION:<\/strong>&nbsp;Par\u00eds<br><strong>FECHA:<\/strong>&nbsp;noviembre 2005<\/p>\n","protected":false},"excerpt":{"rendered":"<p>Javier Fern\u00e1ndez Sebasti\u00e1n Acto: \u00abPalabras del pasado, representaciones del futuro\u00bb, acto de homenaje al profesor Javier Fern\u00e1ndez Sebasti\u00e1n. Organizaci\u00f3n: Centro de Estudios pol\u00edticos y Constitucionales. Plaza de la Marina Espa\u00f1ola. Madrid. Fecha: 28 de septiembre de 2023, de 18:00 a&#8230; <a class=\"more-link\" href=\"https:\/\/historiaintelectual.es\/?page_id=23\">Seguir leyendo &rarr;<\/a><\/p>\n","protected":false},"author":1,"featured_media":0,"parent":0,"menu_order":0,"comment_status":"closed","ping_status":"closed","template":"","meta":[],"_links":{"self":[{"href":"https:\/\/historiaintelectual.es\/index.php?rest_route=\/wp\/v2\/pages\/23"}],"collection":[{"href":"https:\/\/historiaintelectual.es\/index.php?rest_route=\/wp\/v2\/pages"}],"about":[{"href":"https:\/\/historiaintelectual.es\/index.php?rest_route=\/wp\/v2\/types\/page"}],"author":[{"embeddable":true,"href":"https:\/\/historiaintelectual.es\/index.php?rest_route=\/wp\/v2\/users\/1"}],"replies":[{"embeddable":true,"href":"https:\/\/historiaintelectual.es\/index.php?rest_route=%2Fwp%2Fv2%2Fcomments&post=23"}],"version-history":[{"count":6,"href":"https:\/\/historiaintelectual.es\/index.php?rest_route=\/wp\/v2\/pages\/23\/revisions"}],"predecessor-version":[{"id":281,"href":"https:\/\/historiaintelectual.es\/index.php?rest_route=\/wp\/v2\/pages\/23\/revisions\/281"}],"wp:attachment":[{"href":"https:\/\/historiaintelectual.es\/index.php?rest_route=%2Fwp%2Fv2%2Fmedia&parent=23"}],"curies":[{"name":"wp","href":"https:\/\/api.w.org\/{rel}","templated":true}]}}