{"id":21,"date":"2023-06-27T13:05:10","date_gmt":"2023-06-27T13:05:10","guid":{"rendered":"https:\/\/historiaintelectual.es\/?page_id=21"},"modified":"2024-05-20T11:24:08","modified_gmt":"2024-05-20T11:24:08","slug":"coloquios-y-congresos","status":"publish","type":"page","link":"https:\/\/historiaintelectual.es\/?page_id=21","title":{"rendered":"COLOQUIOS Y CONGRESOS"},"content":{"rendered":"\n<p class=\"has-text-align-center has-white-color has-light-gray-background-color has-text-color has-background\" style=\"font-size:20px\">Coloquios<\/p>\n\n\n\n<p><strong>Evento: <\/strong>Congreso Internacional \u00abLa Jefatura del Estado en la monarqu\u00eda parlamentaria\u00bb celebrado en la Universidad Carlos III de Madrid en el que ha realizado una ponencia el profesor Javier Tajadura.<\/p>\n\n\n\n<p><strong>Fecha: <\/strong>Del 6 al 8 de mayo de 2024.<\/p>\n\n\n\n<div class=\"wp-block-buttons is-content-justification-center is-layout-flex wp-container-1\">\n<div class=\"wp-block-button\"><a class=\"wp-block-button__link wp-element-button\" href=\"https:\/\/media.uc3m.es\/video\/663a3c419ab8c9239f533172\" target=\"_blank\" rel=\"noreferrer noopener\">Enlace al v\u00eddeo del evento<\/a><\/div>\n<\/div>\n\n\n\n<hr class=\"wp-block-separator has-alpha-channel-opacity\"\/>\n\n\n\n<p><strong>Evento: <\/strong>Congreso <strong>\u00abI Capi di stato oggi<\/strong>\u00bb celebrado  en la Accademia delle Scienze delle&#8217;Instituto di Bologna en el que ha participado el profesor Javier Tajadura. <\/p>\n\n\n\n<p><strong>Fecha:<\/strong> el 22 de septiembre de 2023.<\/p>\n\n\n\n<div class=\"wp-block-buttons is-content-justification-center is-layout-flex wp-container-2\">\n<div class=\"wp-block-button\"><a class=\"wp-block-button__link wp-element-button\" href=\"https:\/\/www.youtube.com\/watch?v=fsqdE1kBwQE\" target=\"_blank\" rel=\"noreferrer noopener\">Enlace al v\u00eddeo del evento<\/a><\/div>\n<\/div>\n\n\n\n<hr class=\"wp-block-separator has-alpha-channel-opacity\"\/>\n\n\n\n<p><strong>Evento:<\/strong> Presentaci\u00f3n de <strong>\u201cSiey\u00e8s y la lengua de la constituci\u00f3n\u201d<\/strong> de <strong>Javier Tajadura<\/strong>, catedr\u00e1tico de Derecho Constitucional de la Universidad del Pa\u00eds Vasco, en un di\u00e1logo con el autor y Xavier Arb\u00f3s, catedr\u00e1tico de derecho constitucional de la UB; Josep Baqu\u00e9s, profesor agregado de Ciencia Pol\u00edtica UB; y Josep Maria Castell\u00e0, catedr\u00e1tico de Derecho Constitucional UB y presidente del Club Tocqueville.<\/p>\n\n\n\n<p><strong>Fecha:<\/strong> el 25 de mayo de 2023 en Barcelona<\/p>\n\n\n\n<div class=\"wp-block-buttons is-content-justification-center is-layout-flex wp-container-3\">\n<div class=\"wp-block-button\"><a class=\"wp-block-button__link wp-element-button\" href=\"https:\/\/www.youtube.com\/watch?v=Jzdo9jjoYRg\" target=\"_blank\" rel=\"noreferrer noopener\">Enlace al v\u00eddeo del evento<\/a><\/div>\n<\/div>\n\n\n\n<hr class=\"wp-block-separator has-alpha-channel-opacity\"\/>\n\n\n\n<p class=\"has-small-font-size\"><strong><em>Replanteando la democracia en el Mediterr\u00e1neo. G\u00e9nesis, transformaci\u00f3n y construcci\u00f3n nacional (1750-1860).<\/em><\/strong><em>&nbsp;<\/em>Casa de Vel\u00e1zquez, Madrid, 10-11 de abril 2014. <\/p>\n\n\n\n<div class=\"wp-block-buttons is-content-justification-center is-layout-flex wp-container-4\">\n<div class=\"wp-block-button has-custom-font-size has-small-font-size\"><a class=\"wp-block-button__link has-white-color has-black-background-color has-text-color has-background wp-element-button\" href=\"https:\/\/www.casadevelazquez.org\/es\/investigacion\/novedad\/replanteando-la-democracia-en-el-mediterraneo\/\" target=\"_blank\" rel=\"noreferrer noopener\">M\u00e1s informaci\u00f3n<\/a><\/div>\n<\/div>\n\n\n\n<p>Congreso \u00abCrisis de soberan\u00eda europea\u00bb en el que participa el profesor Javier Fern\u00e1ndez Sebasti\u00e1n en Bolonia los d\u00edas 20-22 de noviembre de 2023.<\/p>\n\n\n\n<div class=\"wp-block-buttons is-content-justification-center is-layout-flex wp-container-5\">\n<div class=\"wp-block-button\"><a class=\"wp-block-button__link wp-element-button\" href=\"https:\/\/www.villavigoni.eu\/wp-content\/uploads\/2023\/09\/Koselleck_Uni-Bologna_20-22.11.23.pdf\" target=\"_blank\" rel=\"noreferrer noopener\">Cartel del evento<\/a><\/div>\n<\/div>\n\n\n\n<p><\/p>\n\n\n\n<p class=\"has-text-align-center has-white-color has-light-gray-background-color has-text-color has-background\" style=\"font-size:20px\">Congresos<\/p>\n\n\n\n<p class=\"has-small-font-size\"><br><strong>T\u00edtulo de la ponencia\/comunicaci\u00f3n:<\/strong>&nbsp;Temporalidad e Historicidad desde la Historia Conceptual<br><strong>Congreso\/ Coloquio:<\/strong>&nbsp;Seminario Internacional Geschichtliche Zeiten \/ Tempi Storici \/ Tiempos Hist\u00f3ricos.<br><strong>Organizadores:<\/strong>&nbsp;Grupo de Historia Intelectual de la pol\u00edtica Moderna y Proyecto de investigaci\u00f3n: \u201cHacia una Historia Conceptual comprehensiva: Giros filos\u00f3ficos y culturales\u201d (FFI2011-24473)<br><strong>Lugar:<\/strong>&nbsp;Bilbao<br><strong>Fecha:<\/strong>&nbsp;del 21\/11\/2013 al 22\/11\/2013<br><\/p>\n\n\n\n<hr class=\"wp-block-separator has-alpha-channel-opacity\"\/>\n\n\n\n<p class=\"has-small-font-size\"><strong>T\u00edtulo de la ponencia\/comunicaci\u00f3n:<\/strong>&nbsp;Conceptos en movimiento entre culturas y entre disciplinas: procesos de transferencia y recepci\u00f3n, traducci\u00f3n y redefinici\u00f3n en historia conceptual<br><strong>Congreso\/ Coloquio:<\/strong>&nbsp;XVI Congreso Internacional de Historia de los Conceptos.<br><strong>Organizadores:<\/strong> Grupo de Historia Intelectual de la pol\u00edtica Moderna y Proyecto de investigaci\u00f3n: \u201cHacia una Historia Conceptual comprehensiva: Giros filos\u00f3ficos y culturales\u201d (FFI2011-24473)<br><strong>Lugar:<\/strong>&nbsp;Bilbao<br><strong>Fecha:<\/strong>&nbsp;del 29\/08\/2013 al 31\/08\/2013<\/p>\n\n\n\n<hr class=\"wp-block-separator has-alpha-channel-opacity\"\/>\n\n\n\n<p class=\"has-small-font-size\"><strong>Directores:<\/strong>&nbsp;Javier Fern\u00e1ndez Sebasti\u00e1n, I\u00f1aki Iriarte L\u00f3pes y Javier Tajadura Tejada<br><strong>Secretaria acad\u00e9mica:<\/strong>&nbsp;Cecilia Su\u00e1rez Cabal<br><strong>Congreso\/ Coloquio:<\/strong>&nbsp;IV Congreso Iberconceptos \u201cLenguajes, conceptos y met\u00e1foras pol\u00edticas en la era de las independencias\u201d<br><strong>Organizadores:<\/strong> Grupo de Historia Intelectual de la pol\u00edtica Moderna y Proyecto de investigaci\u00f3n: \u201cHacia una Historia Conceptual comprehensiva: Giros filos\u00f3ficos y culturales\u201d (FFI2011-24473)<br><strong>Lugar:<\/strong>&nbsp;Bilbao<br><strong>Fecha:<\/strong>&nbsp;del 10\/09\/2012 al 12\/09\/2012<\/p>\n\n\n\n<hr class=\"wp-block-separator has-alpha-channel-opacity\"\/>\n\n\n\n<p class=\"has-small-font-size\"><strong>T\u00edtulo de la ponencia\/comunicaci\u00f3n:<\/strong>&nbsp;El lenguaje de las independencias en Iberoam\u00e9rica. Conceptos pol\u00edticos y conceptos historiogr\u00e1ficos en la era de las revoluciones<br><strong>Congreso\/ Coloquio:<\/strong>&nbsp;III Congreso Internacional \u201cIberconceptos\u201d en Iberoamerica. Conceptos pol\u00edticos en la era de las independencias.<br><strong>Organizadores:<\/strong> CEPC, Fundaci\u00f3n Carolina, Sociedad Estatal de Conmemoraciones Culturales, UPV\/EHU<br><strong>Lugar:<\/strong>&nbsp;Montevideo<br><strong>Fecha:<\/strong>&nbsp;del 05\/09\/2012 al 07\/09\/2012<\/p>\n\n\n\n<hr class=\"wp-block-separator has-alpha-channel-opacity\"\/>\n\n\n\n<p class=\"has-small-font-size\"><strong>Congreso\/ Coloquio:<\/strong>&nbsp;II Congreso Internacional El Lenguaje de la libertad en Iberoamerica. Conceptos pol\u00edticos en la era de las independencias.<br><strong>Organizadores:<\/strong>&nbsp;CEPC, Fundaci\u00f3n Carolina, Sociedad Estatal de Conmemoraciones Culturales, UPV\/EHU<br><strong>Lugar:<\/strong>&nbsp;Madrid<br><strong>Fecha:<\/strong>&nbsp;del 23\/09\/2009 al 25\/09\/2009<\/p>\n\n\n\n<hr class=\"wp-block-separator has-alpha-channel-opacity\"\/>\n\n\n\n<p class=\"has-small-font-size\"><strong>Congreso\/ Coloquio:<\/strong>&nbsp;I Congreso Internacional El lenguaje de la modernidad en Iberoam\u00e9rica. Conceptos pol\u00edticos en la era de las independencias.<br><strong>Organizadores:<\/strong>&nbsp;CEPC, Fundaci\u00f3n Carolina, Sociedad Estatal de Conmemoraciones Culturales, UPV\/EHU<br><strong>Lugar:<\/strong>&nbsp;Madrid<br><strong>Fecha:<\/strong>&nbsp;del 26\/09\/2009 al 29\/09\/2009<\/p>\n\n\n\n<p><\/p>\n","protected":false},"excerpt":{"rendered":"<p>Coloquios Evento: Congreso Internacional \u00abLa Jefatura del Estado en la monarqu\u00eda parlamentaria\u00bb celebrado en la Universidad Carlos III de Madrid en el que ha realizado una ponencia el profesor Javier Tajadura. Fecha: Del 6 al 8 de mayo de 2024&#8230;. <a class=\"more-link\" href=\"https:\/\/historiaintelectual.es\/?page_id=21\">Seguir leyendo &rarr;<\/a><\/p>\n","protected":false},"author":1,"featured_media":0,"parent":0,"menu_order":0,"comment_status":"closed","ping_status":"closed","template":"","meta":[],"_links":{"self":[{"href":"https:\/\/historiaintelectual.es\/index.php?rest_route=\/wp\/v2\/pages\/21"}],"collection":[{"href":"https:\/\/historiaintelectual.es\/index.php?rest_route=\/wp\/v2\/pages"}],"about":[{"href":"https:\/\/historiaintelectual.es\/index.php?rest_route=\/wp\/v2\/types\/page"}],"author":[{"embeddable":true,"href":"https:\/\/historiaintelectual.es\/index.php?rest_route=\/wp\/v2\/users\/1"}],"replies":[{"embeddable":true,"href":"https:\/\/historiaintelectual.es\/index.php?rest_route=%2Fwp%2Fv2%2Fcomments&post=21"}],"version-history":[{"count":11,"href":"https:\/\/historiaintelectual.es\/index.php?rest_route=\/wp\/v2\/pages\/21\/revisions"}],"predecessor-version":[{"id":317,"href":"https:\/\/historiaintelectual.es\/index.php?rest_route=\/wp\/v2\/pages\/21\/revisions\/317"}],"wp:attachment":[{"href":"https:\/\/historiaintelectual.es\/index.php?rest_route=%2Fwp%2Fv2%2Fmedia&parent=21"}],"curies":[{"name":"wp","href":"https:\/\/api.w.org\/{rel}","templated":true}]}}