{"id":14,"date":"2023-06-27T13:03:26","date_gmt":"2023-06-27T13:03:26","guid":{"rendered":"https:\/\/historiaintelectual.es\/?page_id=14"},"modified":"2023-12-20T14:15:45","modified_gmt":"2023-12-20T14:15:45","slug":"seminarios","status":"publish","type":"page","link":"https:\/\/historiaintelectual.es\/?page_id=14","title":{"rendered":"SEMINARIOS"},"content":{"rendered":"\n<p><\/p>\n\n\n\n<p class=\"has-text-align-center has-white-color has-light-gray-background-color has-text-color has-background\" style=\"font-size:20px\">SEMINARIOS<\/p>\n\n\n\n<hr class=\"wp-block-separator has-alpha-channel-opacity is-style-wide\"\/>\n\n\n<h2 style=\"text-align: center;\">SEMINARIOS 2024<\/h2>\n\n\n<hr class=\"wp-block-separator has-alpha-channel-opacity is-style-wide\"\/>\n\n\n\n<p><strong>T\u00edtulo del seminario:<\/strong>\u00a0<em>Los conceptos de neutralidad y laicidad en el Estado constitucional<\/em><br><strong><strong>Ponentes:<\/strong>\u00a0<\/strong>Juan Carlos Gavara de Cara y V\u00edctor V\u00e1zquez Alonso<strong><br><strong>Organizaci\u00f3n:<\/strong>\u00a0<\/strong>Grupo de Historia Intelectual de la Pol\u00edtica Moderna<strong><br><strong>Lugar:<\/strong>\u00a0<\/strong>Campus de Leioa, Fac. Ciencias Sociales, Seminario C<strong><br><strong>Fecha:<\/strong>\u00a0<\/strong>08\/02\/2024<\/p>\n\n\n\n<figure class=\"wp-block-image size-large is-resized\"><a href=\"https:\/\/historiaintelectual.es\/wp-content\/uploads\/2023\/12\/Captura-de-Pantalla-2023-12-20-a-las-11.23.59.png\"><img decoding=\"async\" loading=\"lazy\" src=\"https:\/\/historiaintelectual.es\/wp-content\/uploads\/2023\/12\/Captura-de-Pantalla-2023-12-20-a-las-11.23.59-720x1024.png\" alt=\"\" class=\"wp-image-303\" width=\"189\" height=\"269\" srcset=\"https:\/\/historiaintelectual.es\/wp-content\/uploads\/2023\/12\/Captura-de-Pantalla-2023-12-20-a-las-11.23.59-720x1024.png 720w, https:\/\/historiaintelectual.es\/wp-content\/uploads\/2023\/12\/Captura-de-Pantalla-2023-12-20-a-las-11.23.59-211x300.png 211w, https:\/\/historiaintelectual.es\/wp-content\/uploads\/2023\/12\/Captura-de-Pantalla-2023-12-20-a-las-11.23.59-768x1092.png 768w, https:\/\/historiaintelectual.es\/wp-content\/uploads\/2023\/12\/Captura-de-Pantalla-2023-12-20-a-las-11.23.59-600x853.png 600w, https:\/\/historiaintelectual.es\/wp-content\/uploads\/2023\/12\/Captura-de-Pantalla-2023-12-20-a-las-11.23.59.png 928w\" sizes=\"(max-width: 189px) 100vw, 189px\" \/><\/a><\/figure>\n\n\n\n<hr class=\"wp-block-separator has-alpha-channel-opacity is-style-wide\"\/>\n\n\n\n<p><strong>T\u00edtulo del seminario:<\/strong>\u00a0<em>Cambios hist\u00f3ricos e historiograf\u00eda<\/em><br><strong><strong>Ponentes:<\/strong>\u00a0<\/strong>Javier Fern\u00e1ndez Sebasti\u00e1n, Mario Migliaccio y Pedr\u00f3 Jos\u00e9 Chac\u00f3n Delgado<strong><br><strong>Organizaci\u00f3n:<\/strong>\u00a0<\/strong>Grupo de Historia Intelectual de la Pol\u00edtica Moderna<strong><br><strong>Lugar:<\/strong>\u00a0<\/strong>Campus de Leioa, Fac. Ciencias Sociales, Seminario C<strong><br><strong>Fecha:<\/strong>\u00a0<\/strong>25\/01\/2024<\/p>\n\n\n\n<figure class=\"wp-block-image size-large is-resized\"><a href=\"https:\/\/historiaintelectual.es\/wp-content\/uploads\/2023\/12\/Captura-de-Pantalla-2023-12-20-a-las-11.19.44.png\"><img decoding=\"async\" loading=\"lazy\" src=\"https:\/\/historiaintelectual.es\/wp-content\/uploads\/2023\/12\/Captura-de-Pantalla-2023-12-20-a-las-11.19.44-720x1024.png\" alt=\"\" class=\"wp-image-302\" width=\"175\" height=\"249\" srcset=\"https:\/\/historiaintelectual.es\/wp-content\/uploads\/2023\/12\/Captura-de-Pantalla-2023-12-20-a-las-11.19.44-720x1024.png 720w, https:\/\/historiaintelectual.es\/wp-content\/uploads\/2023\/12\/Captura-de-Pantalla-2023-12-20-a-las-11.19.44-211x300.png 211w, https:\/\/historiaintelectual.es\/wp-content\/uploads\/2023\/12\/Captura-de-Pantalla-2023-12-20-a-las-11.19.44-768x1092.png 768w, https:\/\/historiaintelectual.es\/wp-content\/uploads\/2023\/12\/Captura-de-Pantalla-2023-12-20-a-las-11.19.44-600x853.png 600w, https:\/\/historiaintelectual.es\/wp-content\/uploads\/2023\/12\/Captura-de-Pantalla-2023-12-20-a-las-11.19.44.png 928w\" sizes=\"(max-width: 175px) 100vw, 175px\" \/><\/a><\/figure>\n\n\n\n<hr class=\"wp-block-separator has-alpha-channel-opacity is-style-wide\"\/>\n\n\n\n<p><strong>T\u00edtulo del seminario:<\/strong>\u00a0<em>Desaf\u00edos de la inteligencia artificial y de las plataformas digitales<\/em><br><strong><strong>Ponentes:<\/strong>\u00a0<\/strong>Marcos Reguera Mateo y \u00c1ngel Barredo Artiguez.<strong><br><strong>Organizaci\u00f3n:<\/strong>\u00a0<\/strong>Grupo de Historia Intelectual de la Pol\u00edtica Moderna<strong><br><strong>Lugar:<\/strong>\u00a0<\/strong>Campus de Leioa, Fac. Ciencias Sociales, Seminario C<strong><br><strong>Fecha:<\/strong>\u00a0<\/strong>18\/01\/2024<\/p>\n\n\n\n<figure class=\"wp-block-image size-large is-resized\"><a href=\"https:\/\/historiaintelectual.es\/wp-content\/uploads\/2023\/12\/Captura-de-Pantalla-2023-12-20-a-las-11.13.13.png\"><img decoding=\"async\" loading=\"lazy\" src=\"https:\/\/historiaintelectual.es\/wp-content\/uploads\/2023\/12\/Captura-de-Pantalla-2023-12-20-a-las-11.13.13-720x1024.png\" alt=\"\" class=\"wp-image-301\" width=\"169\" height=\"240\" srcset=\"https:\/\/historiaintelectual.es\/wp-content\/uploads\/2023\/12\/Captura-de-Pantalla-2023-12-20-a-las-11.13.13-720x1024.png 720w, https:\/\/historiaintelectual.es\/wp-content\/uploads\/2023\/12\/Captura-de-Pantalla-2023-12-20-a-las-11.13.13-211x300.png 211w, https:\/\/historiaintelectual.es\/wp-content\/uploads\/2023\/12\/Captura-de-Pantalla-2023-12-20-a-las-11.13.13-768x1092.png 768w, https:\/\/historiaintelectual.es\/wp-content\/uploads\/2023\/12\/Captura-de-Pantalla-2023-12-20-a-las-11.13.13-600x853.png 600w, https:\/\/historiaintelectual.es\/wp-content\/uploads\/2023\/12\/Captura-de-Pantalla-2023-12-20-a-las-11.13.13.png 928w\" sizes=\"(max-width: 169px) 100vw, 169px\" \/><\/a><\/figure>\n\n\n\n<hr class=\"wp-block-separator has-alpha-channel-opacity is-style-wide\"\/>\n\n\n<h2 style=\"text-align: center;\">SEMINARIOS 2023<\/h2>\n\n\n<hr class=\"wp-block-separator has-alpha-channel-opacity is-style-wide\"\/>\n\n\n\n<div class=\"wp-block-group is-vertical is-layout-flex wp-container-3\">\n<div class=\"wp-block-columns is-layout-flex wp-container-2\">\n<div class=\"wp-block-column is-layout-flow\">\n<p><strong>T\u00edtulo del seminario:<\/strong>\u00a0<em>La Constituci\u00f3n portuguesa en perspectiva hist\u00f3rica<\/em><br><strong><strong>Ponentes:<\/strong>\u00a0<\/strong>Gabriel Moreno Gonz\u00e1lez y C\u00e9sar Rina.<strong><br><strong>Organizaci\u00f3n:<\/strong>\u00a0<\/strong>Grupo de Historia Intelectual de la Pol\u00edtica Moderna<strong><br><strong>Lugar:<\/strong>\u00a0<\/strong>Campus de Leioa, Fac. Ciencias Sociales, Seminario C<strong><br><strong>Fecha:<\/strong>\u00a0<\/strong>20\/04\/2023<\/p>\n<\/div>\n<\/div>\n<\/div>\n\n\n\n<figure class=\"wp-block-image size-full is-resized\"><a href=\"https:\/\/historiaintelectual.es\/wp-content\/uploads\/2023\/12\/Cons.-port.png\"><img decoding=\"async\" loading=\"lazy\" src=\"https:\/\/historiaintelectual.es\/wp-content\/uploads\/2023\/12\/Cons.-port.png\" alt=\"\" class=\"wp-image-300\" width=\"191\" height=\"270\" srcset=\"https:\/\/historiaintelectual.es\/wp-content\/uploads\/2023\/12\/Cons.-port.png 421w, https:\/\/historiaintelectual.es\/wp-content\/uploads\/2023\/12\/Cons.-port-212x300.png 212w\" sizes=\"(max-width: 191px) 100vw, 191px\" \/><\/a><\/figure>\n\n\n\n<hr class=\"wp-block-separator has-alpha-channel-opacity is-style-wide\"\/>\n\n\n\n<p class=\"has-small-font-size\"><strong>T\u00edtulo del seminario:<\/strong>&nbsp;<em>Los conceptos de lealtad y legitimidad en el Estado Constitucional<\/em><br><strong><strong>Ponentes:<\/strong>&nbsp;<\/strong>Eloy Garc\u00eda,  Leonardo \u00c1lvarez y Carlos Vidal<strong><br><strong>Organizaci\u00f3n:<\/strong>&nbsp;<\/strong>Grupo de Historia Intelectual de la Pol\u00edtica Moderna<strong><br><strong>Lugar:<\/strong>&nbsp;<\/strong>Campus de Leioa, Fac. Ciencias Sociales, Seminario C<strong><br><strong>Fecha:<\/strong>&nbsp;<\/strong>23\/02\/2023<\/p>\n\n\n\n<div class=\"wp-block-file\"><a id=\"wp-block-file--media-c1b2f34e-8772-4283-add5-c7d73f1a754c\" href=\"https:\/\/historiaintelectual.es\/wp-content\/uploads\/2023\/06\/CARTEL-SEMINARIO_23_02_2023.pdf\">CARTEL-SEMINARIO_23_02_2023<\/a><a href=\"https:\/\/historiaintelectual.es\/wp-content\/uploads\/2023\/06\/CARTEL-SEMINARIO_23_02_2023.pdf\" class=\"wp-block-file__button wp-element-button\" download aria-describedby=\"wp-block-file--media-c1b2f34e-8772-4283-add5-c7d73f1a754c\">Descarga<\/a><\/div>\n\n\n\n<hr class=\"wp-block-separator has-alpha-channel-opacity is-style-wide\"\/>\n\n\n\n<p class=\"has-small-font-size\"><strong>T\u00edtulo del seminario:<\/strong><em> Republicanismo, Historiograf\u00eda y Met\u00e1foras<\/em><br><strong><strong>Ponentes:<\/strong>&nbsp;<\/strong>Susana Gazmuri, Lara Campos, Marcos Fern\u00e1ndez Labb\u00e9 y Rodrigo Henr\u00edquez<strong><br><strong>Organizaci\u00f3n:<\/strong>&nbsp;<\/strong>Grupo de Historia Intelectual de la Pol\u00edtica Moderna<strong><br><strong>Lugar:<\/strong>&nbsp;<\/strong>Campus de Leioa, Fac. Ciencias Sociales, Seminario H<strong><br><strong>Fecha:<\/strong>&nbsp;<\/strong>27\/01\/2023<\/p>\n\n\n\n<div class=\"wp-block-file\"><a id=\"wp-block-file--media-af682d1c-7a85-459a-9e2b-7e65fdd29880\" href=\"https:\/\/historiaintelectual.es\/wp-content\/uploads\/2023\/06\/CARTEL-SEMINARIO_27_01_2023.pdf\">CARTEL-SEMINARIO_27_01_2023<\/a><a href=\"https:\/\/historiaintelectual.es\/wp-content\/uploads\/2023\/06\/CARTEL-SEMINARIO_27_01_2023.pdf\" class=\"wp-block-file__button wp-element-button\" download aria-describedby=\"wp-block-file--media-af682d1c-7a85-459a-9e2b-7e65fdd29880\">Descarga<\/a><\/div>\n\n\n\n<hr class=\"wp-block-separator has-alpha-channel-opacity is-style-wide\"\/>\n\n\n<h2 style=\"text-align: center;\">SEMINARIOS ANTERIORES<\/h2>\n\n\n<hr class=\"wp-block-separator has-alpha-channel-opacity is-style-wide\"\/>\n\n\n\n<p class=\"has-small-font-size\"><strong>T\u00edtulo del seminario:<\/strong>&nbsp;<em>Asaltar los cielos:&nbsp;<\/em>el \u2018pueblo\u2019 y la \u2018plebe\u2019 como protagonistas hist\u00f3ricos del siglo XIX<br><strong><strong>Ponentes:<\/strong>&nbsp;<\/strong>Nere Basabe y Pablo S\u00e1nchez Le\u00f3n<strong><br><strong>Organizaci\u00f3n:<\/strong>&nbsp;<\/strong>Grupo de Historia Intelectual de la Pol\u00edtica Moderna<strong><br><strong>Lugar:<\/strong>&nbsp;<\/strong>Campus de Leioa, Fac. Ciencias Sociales, Seminario F<strong><br><strong>Fecha:<\/strong>&nbsp;<\/strong>25\/03\/2015<\/p>\n\n\n\n<div class=\"wp-block-file\"><a id=\"wp-block-file--media-ba10fd70-0360-444a-b9bf-7e9ba8bd3a72\" href=\"https:\/\/historiaintelectual.es\/wp-content\/uploads\/2023\/06\/SGHIPM-Cartel-Seminario-Basabe-Leon-marzo-2015.pdf\">SGHIPM-Cartel-Seminario-Basabe-Leon-marzo-2015<\/a><a href=\"https:\/\/historiaintelectual.es\/wp-content\/uploads\/2023\/06\/SGHIPM-Cartel-Seminario-Basabe-Leon-marzo-2015.pdf\" class=\"wp-block-file__button wp-element-button\" download aria-describedby=\"wp-block-file--media-ba10fd70-0360-444a-b9bf-7e9ba8bd3a72\">Descarga<\/a><\/div>\n\n\n\n<hr class=\"wp-block-separator has-alpha-channel-opacity is-style-wide\"\/>\n\n\n\n<p class=\"has-small-font-size\"><strong>T\u00edtulo del seminario:<\/strong>&nbsp;<em>World Literature\/World History: Towards Conceptual Histories of the Global<\/em><br><strong>Ponentes:&nbsp;<\/strong>Galin Tihanov y Josep Mar\u00eda Fradera<strong><br>Organizaci\u00f3n:&nbsp;<\/strong>Grupo de Historia Intelectual de la Pol\u00edtica Moderna<strong><br>Lugar:&nbsp;<\/strong>Campus de Leioa, Fac. Ciencias Sociales, Seminario C<strong><br>Fecha:&nbsp;<\/strong>26\/02\/2015<\/p>\n\n\n\n<div class=\"wp-block-file\"><a id=\"wp-block-file--media-37811725-e1cc-447c-853d-4c9c1ebadd17\" href=\"https:\/\/historiaintelectual.es\/wp-content\/uploads\/2023\/06\/SGHIPM-Cartel-Seminario-Tihanov-and-Fradera_febrero-2015-.pdf\">SGHIPM-Cartel-Seminario-Tihanov-and-Fradera_febrero-2015-<\/a><a href=\"https:\/\/historiaintelectual.es\/wp-content\/uploads\/2023\/06\/SGHIPM-Cartel-Seminario-Tihanov-and-Fradera_febrero-2015-.pdf\" class=\"wp-block-file__button wp-element-button\" download aria-describedby=\"wp-block-file--media-37811725-e1cc-447c-853d-4c9c1ebadd17\">Descarga<\/a><\/div>\n\n\n\n<hr class=\"wp-block-separator has-alpha-channel-opacity is-style-wide\"\/>\n\n\n\n<p class=\"has-small-font-size\"><strong>T\u00edtulo del seminario:<\/strong>&nbsp;<em>Conceptos perif\u00e9ricos como \u00edndices de modernidad<\/em><br><strong><strong>Ponente:<\/strong>&nbsp;<\/strong>Claudio Ingerflom<strong><br><strong>Organizaci\u00f3n:<\/strong>&nbsp;<\/strong>Grupo de Historia Intelectual de la Pol\u00edtica Moderna<strong><br><strong>Lugar:<\/strong>&nbsp;<\/strong>Campus de Leioa, Fac. Ciencias Sociales, Seminario C<strong><br><strong>Fecha:<\/strong>&nbsp;<\/strong>18\/02\/2015<\/p>\n\n\n\n<div class=\"wp-block-file\"><a id=\"wp-block-file--media-a0435c36-17cb-46e0-b196-6b3e6c2b1a62\" href=\"https:\/\/historiaintelectual.es\/wp-content\/uploads\/2023\/06\/SGHIPM-Cartel-Seminario-Ingerflom_18_febrero_2015.pdf\">SGHIPM-Cartel-Seminario-Ingerflom_18_febrero_2015<\/a><a href=\"https:\/\/historiaintelectual.es\/wp-content\/uploads\/2023\/06\/SGHIPM-Cartel-Seminario-Ingerflom_18_febrero_2015.pdf\" class=\"wp-block-file__button wp-element-button\" download aria-describedby=\"wp-block-file--media-a0435c36-17cb-46e0-b196-6b3e6c2b1a62\">Descarga<\/a><\/div>\n\n\n\n<hr class=\"wp-block-separator has-alpha-channel-opacity is-style-wide\"\/>\n\n\n\n<p class=\"has-small-font-size\"><strong>T\u00edtulo del seminario:&nbsp;<\/strong>International Workshop&nbsp;<em>\u201cHelenes\u201d and \u201cBarbarians\u201d: Assymetrical Concepts in European Discourse\u201d<\/em><strong><br><strong>Ponentes:<\/strong>&nbsp;<\/strong>Nere Basabe, Luis Fern\u00e1ndez Torres, Ana Isabel Gonz\u00e1lez Manso, Kirill Postoutenko, Malte Rolf, Pablo S\u00e1nchez-Le\u00f3n, Evgeny Roshchin, Daniele Conversi<strong><br><strong>Organizaci\u00f3n:<\/strong>&nbsp;<\/strong>Kirill Postoutenko (Ikerbasque- EHU\/UPV)<strong><br><strong>Lugar:<\/strong>&nbsp;<\/strong>University Library (Room 2D5), Leioa<strong><br><strong>Fecha:<\/strong>&nbsp;<\/strong>3-4\/10\/2014<\/p>\n\n\n\n<div class=\"wp-block-file\"><a id=\"wp-block-file--media-d99e9000-d993-485b-b64d-ef4761bf461f\" href=\"https:\/\/historiaintelectual.es\/wp-content\/uploads\/2023\/06\/Programa_Revised_Hellenes_Barbarians_Leioa_2014.pdf\">Programa_Revised_Hellenes_Barbarians_Leioa_2014<\/a><a href=\"https:\/\/historiaintelectual.es\/wp-content\/uploads\/2023\/06\/Programa_Revised_Hellenes_Barbarians_Leioa_2014.pdf\" class=\"wp-block-file__button wp-element-button\" download aria-describedby=\"wp-block-file--media-d99e9000-d993-485b-b64d-ef4761bf461f\">Descarga<\/a><\/div>\n\n\n\n<hr class=\"wp-block-separator has-alpha-channel-opacity is-style-wide\"\/>\n\n\n\n<p class=\"has-small-font-size\"><strong>T\u00edtulo del seminario:<\/strong>&nbsp;Conceptos de dependencia y exilio en la Edad Moderna<br><strong>Ponentes:<\/strong>&nbsp;Bernard Vincent, Jos\u00e9 Javier Ruiz Iba\u00f1ez<br><strong>Organizaci\u00f3n:<\/strong>&nbsp;Grupo de Historia Intelectual de la Pol\u00edtica Moderna<br><strong>Lugar:<\/strong>&nbsp;Seminario F, Facultad de Ciencias de la Comunicaci\u00f3n, Leioa<br><strong>Fecha:<\/strong>&nbsp;21\/03\/2014<\/p>\n\n\n\n<div class=\"wp-block-file\"><a id=\"wp-block-file--media-d4c19b2b-737b-4fd3-a349-90a00b08446c\" href=\"https:\/\/historiaintelectual.es\/wp-content\/uploads\/2023\/06\/Dependencia-y-exilio.pdf\">Dependencia-y-exilio<\/a><a href=\"https:\/\/historiaintelectual.es\/wp-content\/uploads\/2023\/06\/Dependencia-y-exilio.pdf\" class=\"wp-block-file__button wp-element-button\" download aria-describedby=\"wp-block-file--media-d4c19b2b-737b-4fd3-a349-90a00b08446c\">Descarga<\/a><\/div>\n\n\n\n<hr class=\"wp-block-separator has-alpha-channel-opacity is-style-wide\"\/>\n\n\n\n<p class=\"has-small-font-size\"><strong>T\u00edtulo del seminario:<\/strong>&nbsp;La Monarqu\u00eda docea\u00f1ista<br><strong>Ponentes:<\/strong>&nbsp;Miguel Saralegui, Joaqu\u00edn Varela<br><strong>Organizaci\u00f3n:<\/strong>&nbsp;Grupo de Historia Intelectual de la Pol\u00edtica Moderna<br><strong>Lugar:<\/strong>&nbsp;Seminario C, Facultad de Ciencias de la Comunicaci\u00f3n, Leioa<br><strong>Fecha:<\/strong>&nbsp;21\/02\/2014<\/p>\n\n\n\n<div class=\"wp-block-file\"><a id=\"wp-block-file--media-3d023e39-da77-4e7b-b4c8-c73a30dfc56b\" href=\"https:\/\/historiaintelectual.es\/wp-content\/uploads\/2023\/06\/Monarquia-doceanista.pdf\">Monarquia-doceanista<\/a><a href=\"https:\/\/historiaintelectual.es\/wp-content\/uploads\/2023\/06\/Monarquia-doceanista.pdf\" class=\"wp-block-file__button wp-element-button\" download aria-describedby=\"wp-block-file--media-3d023e39-da77-4e7b-b4c8-c73a30dfc56b\">Descarga<\/a><\/div>\n\n\n\n<hr class=\"wp-block-separator has-alpha-channel-opacity is-style-wide\"\/>\n\n\n\n<p class=\"has-small-font-size\"><strong>T\u00edtulo del seminario:<\/strong>&nbsp;Totalitarian Languages<br><strong>Ponentes:<\/strong>&nbsp;Juan Francisco Fuentes, Kirill Postoutenko<br><strong>Organizaci\u00f3n:<\/strong>&nbsp;Grupo de Historia Intelectual de la Pol\u00edtica Moderna<br><strong>Lugar:<\/strong>&nbsp;Seminario C, Facultad de Ciencias de la Comunicaci\u00f3n, Leioa<br><strong>Fecha:<\/strong>&nbsp;24\/01\/2014<\/p>\n\n\n\n<div class=\"wp-block-file\"><a id=\"wp-block-file--media-e929105d-bfdc-4f6e-9ab6-7d008c5bb456\" href=\"https:\/\/historiaintelectual.es\/wp-content\/uploads\/2023\/06\/Lenguajes-totalitarios.pdf\">Lenguajes-totalitarios<\/a><a href=\"https:\/\/historiaintelectual.es\/wp-content\/uploads\/2023\/06\/Lenguajes-totalitarios.pdf\" class=\"wp-block-file__button wp-element-button\" download aria-describedby=\"wp-block-file--media-e929105d-bfdc-4f6e-9ab6-7d008c5bb456\">Descarga<\/a><\/div>\n\n\n\n<hr class=\"wp-block-separator has-alpha-channel-opacity is-style-wide\"\/>\n\n\n\n<p class=\"has-small-font-size\"><strong>T\u00edtulo del seminario:<\/strong>&nbsp;Perdida del marco transcendental. Consecuencias en la realidad sociopol\u00edtica<br><strong>Ponentes:<\/strong>&nbsp;I\u00f1aki Iriarte L\u00f3pez, Javier Pamparacuatro Mart\u00edn, Luis Fern\u00e1ndez Torres<br><strong>Organizaci\u00f3n:<\/strong>&nbsp;Grupo de Historia Intelectual de la Pol\u00edtica Moderna<br><strong>Lugar:<\/strong>&nbsp;Seminario C, Facultad de Ciencias de la Comunicaci\u00f3n, Leioa<br><strong>Fecha:<\/strong>&nbsp;19\/12\/2013<\/p>\n\n\n\n<hr class=\"wp-block-separator has-alpha-channel-opacity\"\/>\n\n\n\n<p class=\"has-small-font-size\"><strong>T\u00edtulo del seminario:<\/strong>&nbsp;El concepto de \u201cpoder moderador\u201d<br><strong>Ponentes:<\/strong>&nbsp;Javier Tajadura, Eloy Garc\u00eda y Antonio Torres del Moral<br><strong><strong>Organizaci\u00f3n:<\/strong>&nbsp;<\/strong>Departamento de Derecho Constitucional y de Historia del Pensamiento y de los Movimientos Sociales y Pol\u00edticos<strong><br><strong>Lugar:<\/strong>&nbsp;<\/strong>Seminario C, Facultad de Ciencias de la Comunicaci\u00f3n, Leioa<br><strong>Fecha:<\/strong>&nbsp;12\/04\/2013<\/p>\n\n\n\n<hr class=\"wp-block-separator has-alpha-channel-opacity\"\/>\n\n\n\n<p class=\"has-small-font-size\"><strong>T\u00edtulo del seminario:<\/strong>&nbsp;Seminario \u201cSobre los conceptos de Democracia y Rep\u00fablica en el siglo XIX\u201d<br><strong>Ponentes:<\/strong>&nbsp;Florencia Peyrou, Gonzalo Capell\u00e1n de Miguel, Mar\u00eda Luisa S\u00e1nchez-Mej\u00eda<br><strong><strong>Organizaci\u00f3n:<\/strong>&nbsp;<\/strong>Departamento de Derecho Constitucional y de Historia del Pensamiento y de los Movimientos Sociales y Pol\u00edticos<strong><br><strong>Lugar:<\/strong>&nbsp;<\/strong>Seminario C, Facultad de Ciencias de la Comunicaci\u00f3n, Leioa<br><strong>Fecha:<\/strong>&nbsp;22\/02\/2013<\/p>\n\n\n\n<hr class=\"wp-block-separator has-alpha-channel-opacity\"\/>\n\n\n\n<p class=\"has-small-font-size\"><strong>T\u00edtulo del seminario:<\/strong>&nbsp;Seminario permanente del Grupo de Historia Intelectual de la pol\u00edtica moderna: \u201cMujeres en el exilio liberal espa\u00f1ol: Las identidades (s)electivas\u201d<br><strong>Ponentes:<\/strong>&nbsp;Juan Francisco Fuentes<br><strong>Director:<\/strong>&nbsp;Javier Fern\u00e1ndez Sebasti\u00e1n<br><strong>Secretaria acad\u00e9mica:<\/strong>&nbsp;Cecilia Su\u00e1rez Cabal<br><strong>Organizaci\u00f3n:<\/strong>&nbsp;Departamento de Derecho Constitucional y de Historia del Pensamiento y de los Movimientos Sociales y Pol\u00edticos<br><strong>Lugar:<\/strong>&nbsp;Facultad de Ciencias Sociales y de la Comunicaci\u00f3n, Leioa (Vizcaya)<br><strong>Fecha:<\/strong>&nbsp;15\/06\/2012<\/p>\n\n\n\n<hr class=\"wp-block-separator has-alpha-channel-opacity\"\/>\n\n\n\n<p class=\"has-small-font-size\"><strong>T\u00edtulo del seminario:<\/strong>&nbsp;Seminario permanente del Grupo de Historia Intelectual de la pol\u00edtica moderna: \u201cLenguaje e historia pol\u00edtica: prensa, correcci\u00f3n pol\u00edtica y nacionalismo\u201d<br><strong>Director:<\/strong>&nbsp;Javier Fern\u00e1ndez Sebasti\u00e1n<br><strong>Secretaria acad\u00e9mica:<\/strong>&nbsp;Cecilia Su\u00e1rez Cabal<br><strong>Organizaci\u00f3n:<\/strong>&nbsp;Departamento de Derecho Constitucional y de Historia del Pensamiento y de los Movimientos Sociales y Pol\u00edticos<br><strong>Lugar:<\/strong>&nbsp;Facultad de Ciencias Sociales y de la Comunicaci\u00f3n, Leioa (Vizcaya)<br><strong>Fecha:<\/strong>&nbsp;25\/05\/2012<\/p>\n\n\n\n<hr class=\"wp-block-separator has-alpha-channel-opacity\"\/>\n\n\n\n<p class=\"has-small-font-size\"><strong>T\u00edtulo del seminario:<\/strong>&nbsp;Seminario permanente del Grupo de Historia Intelectual de la pol\u00edtica moderna: \u201cEl concepto de poder constituyente\u201d<br><strong>Director:<\/strong>&nbsp;Javier Tajadura Tejada<br><strong>Secretaria acad\u00e9mica:<\/strong>&nbsp;Cecilia Su\u00e1rez Cabal<br><strong>Organizaci\u00f3n:<\/strong>&nbsp;Departamento de Derecho Constitucional y de Historia del Pensamiento y de los Movimientos Sociales y Pol\u00edticos<br><strong>Lugar:<\/strong>&nbsp;Facultad de Ciencias Sociales y de la Comunicaci\u00f3n, Leioa (Vizcaya)<br><strong>Fecha:<\/strong>&nbsp;24\/05\/2012<\/p>\n\n\n\n<hr class=\"wp-block-separator has-alpha-channel-opacity\"\/>\n\n\n\n<p class=\"has-small-font-size\"><strong>T\u00edtulo del seminario:<\/strong>&nbsp;Seminario permanente del Grupo de Historia Intelectual de la pol\u00edtica moderna: \u201cCambios sem\u00e1nticos durante la independencia. Despotismo, ciudadan\u00eda e independencia\u201d<br><strong>Ponentes:<\/strong>&nbsp;V\u00edctor Peralta, Manuel Su\u00e1rez Cortina, Guillermo Zerme\u00f1o<br><strong>Director:<\/strong>&nbsp;Javier Fern\u00e1ndez Sebasti\u00e1n<br><strong>Secretaria acad\u00e9mica:<\/strong>&nbsp;Cecilia Su\u00e1rez Cabal<br><strong>Organizaci\u00f3n:<\/strong>&nbsp;Departamento de Derecho Constitucional y de Historia del Pensamiento y de los Movimientos Sociales y Pol\u00edticos<br><strong>Lugar:<\/strong>&nbsp;Facultad de Ciencias Sociales y de la Comunicaci\u00f3n, Leioa (Vizcaya)<br><strong>Fecha:<\/strong>&nbsp;1\/03\/2012<\/p>\n\n\n\n<hr class=\"wp-block-separator has-alpha-channel-opacity\"\/>\n\n\n\n<p class=\"has-small-font-size\"><strong>T\u00edtulo del seminario:<\/strong>&nbsp;Seminario permanente del Grupo de Historia Intelectual de la pol\u00edtica moderna: \u201cFormas y conceptos de uni\u00f3n y separaci\u00f3n en el mundo hispano\u201d<br><strong>Ponentes:<\/strong>&nbsp;Francisco Ortega, Jon Arrieta Alberdi<br><strong>Director:<\/strong>&nbsp;Javier Fern\u00e1ndez Sebasti\u00e1n<br><strong>Secretaria acad\u00e9mica:<\/strong>&nbsp;Cecilia Su\u00e1rez Cabal<br><strong>Organizaci\u00f3n:<\/strong>&nbsp;Departamento de Derecho Constitucional y de Historia del Pensamiento y de los Movimientos Sociales y Pol\u00edticos<br><strong>Lugar:<\/strong>&nbsp;Facultad de Ciencias Sociales y de la Comunicaci\u00f3n, Leioa (Vizcaya)<br><strong>Fecha:<\/strong>&nbsp;10\/02\/2012<\/p>\n\n\n\n<hr class=\"wp-block-separator has-alpha-channel-opacity\"\/>\n\n\n\n<p class=\"has-small-font-size\"><strong>T\u00edtulo del seminario:<\/strong>&nbsp;Seminario Permanente de Historia Intelectual de la Pol\u00edtica Moderna \u2013 \u201cEmancipaci\u00f3n y Constituci\u00f3n\u201d<br><strong>Ponentes:<\/strong>&nbsp;J. M. Portillo Vald\u00e9s<br><strong>Director:<\/strong>&nbsp;Javier Fern\u00e1ndez Sebasti\u00e1n<br><strong>Secretaria acad\u00e9mica:<\/strong>&nbsp;Cecilia Su\u00e1rez Cabal<br><strong>Organizaci\u00f3n:<\/strong>&nbsp;Grupo de Historia Intelectual de la Pol\u00edtica Moderna, Dpto. de Historia del Pensamiento y de los Movimientos Sociales y Pol\u00edticos<br><strong>Lugar:<\/strong>&nbsp;Facultad de Ciencias Sociales y de la Comunicaci\u00f3n, Leioa (Vizcaya)<br><strong>Fecha:<\/strong>&nbsp;29\/10\/2011<\/p>\n\n\n\n<hr class=\"wp-block-separator has-alpha-channel-opacity\"\/>\n\n\n\n<p class=\"has-small-font-size\"><strong>T\u00edtulo del seminario:<\/strong>&nbsp;Seminario Permanente del Grupo de Historia Intelectual de la Pol\u00edtica Moderna<br><strong>Ponentes:<\/strong>&nbsp;Noem\u00ed Goldman, Carlos Garriga y Jos\u00e9 Mar\u00eda Im\u00edzcoz<br><strong>Organizaci\u00f3n:<\/strong>&nbsp;Grupo de Historia Intelectual de la Pol\u00edtica Moderna y Grupo de Investigaci\u00f3n en Historia conceptual, constitucionalismo y modernidad en el mundo iberoamericano.<br><strong>Lugar:<\/strong>&nbsp;Facultad de Ciencias de la Informaci\u00f3n<br><strong>Fecha:<\/strong>&nbsp;17\/10\/2011<\/p>\n\n\n\n<hr class=\"wp-block-separator has-alpha-channel-opacity\"\/>\n\n\n\n<p class=\"has-small-font-size\"><strong>T\u00edtulo del seminario:<\/strong>&nbsp;Seminario Permanente de Historia Intelectual de la Pol\u00edtica Moderna. \u201cEmancipaci\u00f3n y Constituci\u00f3n en la crisis del mundo hispano\u201d<br><strong>Ponentes:<\/strong>&nbsp;Txema Portillo<br><strong>Organizaci\u00f3n:<\/strong>&nbsp;Grupo de Historia Intelectual de la Pol\u00edtica Moderna y Grupo de Investigaci\u00f3n en Historia conceptual, constitucionalismo y modernidad en el mundo iberoamericano.<br><strong>Lugar:<\/strong>&nbsp;Facultad de Ciencias de la Informaci\u00f3n<br><strong>Fecha:<\/strong>&nbsp;29\/09\/2011<\/p>\n\n\n\n<hr class=\"wp-block-separator has-alpha-channel-opacity\"\/>\n\n\n\n<p class=\"has-small-font-size\"><strong>T\u00edtulo del seminario:<\/strong>&nbsp;V Seminario de Historia Intelectual: Or\u00edgenes ideol\u00f3gicos del Constitucionalismo en la era de las revoluciones: constituci\u00f3n y soberan\u00eda<br><strong>Ponentes:<\/strong>&nbsp;Dr. Antonio Torres del Moral, catedr\u00e1tico de Derecho Constitucional de la UNED, el Dr. Javier Tajadura Tejada y el Dr. Javier Fern\u00e1ndez Sebasti\u00e1n<br><strong>Organizaci\u00f3n:<\/strong>&nbsp;Grupo de Historia Intelectual de la Pol\u00edtica Moderna Grupo Historia conceptual, constitucionalismo y modernidad en el mundo iberoamericano (Dpto. de Derecho Constitucional e Historia del Pensamiento y de los Movimientos Sociales y Pol\u00edticos)<br><strong>Lugar:<\/strong>&nbsp;Facultad de Ciencias Sociales y de la Comunicaci\u00f3n<br><strong>Fecha:<\/strong>&nbsp;20\/05\/2011<\/p>\n\n\n\n<hr class=\"wp-block-separator has-alpha-channel-opacity\"\/>\n\n\n\n<p class=\"has-small-font-size\"><strong>T\u00edtulo del seminario:<\/strong>&nbsp;IV Seminario de Historia Intelectual de la Pol\u00edtica Moderna. Im\u00e1genes y conceptos en tiempo de revoluci\u00f3n. La construcci\u00f3n simb\u00f3lica de la naci\u00f3n en el mundo ib\u00e9rico<br><strong>Ponentes:<\/strong>&nbsp;Dr. Joaqu\u00edn Varela (Universidad de Oviedo), \u201cNaci\u00f3n y Estado en las Cortes de C\u00e1diz\u201d, Dra. Isabel Lustosa (Funda\u00e7\u00e3o Casa de Rui Barbosa, R\u00edo de Janeiro), \u201cConstruyendo una naci\u00f3n: Proyectos de Brasil en los peri\u00f3dicos de la Independencia\u201d, Dr. Juan Francisco Fuentes (Universidad Complutense de Madrid), \u201cLa naci\u00f3n simb\u00f3lica: Representaciones femeninas de la idea de Espa\u00f1a\u201d<br><strong>Organizaci\u00f3n:<\/strong>&nbsp;Grupo de Historia Intelectual de la Pol\u00edtica Moderna y Grupo de Investigaci\u00f3n en Historia conceptual, constitucionalismo y modernidad en el mundo iberoamericano.<br><strong>Lugar:<\/strong>&nbsp;Facultad de Ciencias de la Informaci\u00f3n<br><strong>Fecha:<\/strong>&nbsp;21\/01\/2011<\/p>\n\n\n\n<hr class=\"wp-block-separator has-alpha-channel-opacity is-style-wide\"\/>\n\n\n\n<p class=\"has-small-font-size\"><strong>T\u00edtulo del seminario:<\/strong>&nbsp;III Seminario de Historia Intelectual de la Pol\u00edtica Moderna. En torno a los conceptos de liberalismo, Ilustraci\u00f3n y republicanismo<br><strong>Ponentes:<\/strong>&nbsp;Dra. Mar\u00eda Jos\u00e9 Villaverde (Univ. Complutense de Madrid), \u201cLa tensi\u00f3n entre identidad e igualdad en el republicanismo actual\u201d, Dr. Roberto Bre\u00f1a (El Colegio de M\u00e9xico), \u201cRevoluciones hisp\u00e1nicas, liberalismo e historiograf\u00eda contempor\u00e1nea\u201d , Dr. Pablo S\u00e1nchez Le\u00f3n (Univ. Complutense de Madrid), \u201cCiudadanos por el mercado. Comercio y civilidad en la Ilustraci\u00f3n espa\u00f1ola\u201d<br><strong>Organizaci\u00f3n:<\/strong>&nbsp;Grupo de Historia Intelectual de la Pol\u00edtica Moderna<br><strong>Lugar:<\/strong>&nbsp;Facultad de Ciencias de la Informaci\u00f3n, Leioa<br><strong>Fecha:<\/strong>&nbsp;12\/03\/2010<\/p>\n\n\n\n<div class=\"wp-block-file\"><a id=\"wp-block-file--media-15876a92-96e5-4c39-ac8b-56c20a781ee8\" href=\"https:\/\/historiaintelectual.es\/wp-content\/uploads\/2023\/06\/III-Seminario-de-Historia.pdf\">III-Seminario-de-Historia<\/a><a href=\"https:\/\/historiaintelectual.es\/wp-content\/uploads\/2023\/06\/III-Seminario-de-Historia.pdf\" class=\"wp-block-file__button wp-element-button\" download aria-describedby=\"wp-block-file--media-15876a92-96e5-4c39-ac8b-56c20a781ee8\">Descarga<\/a><\/div>\n\n\n\n<hr class=\"wp-block-separator has-alpha-channel-opacity is-style-wide\"\/>\n\n\n\n<p class=\"has-small-font-size\"><strong>T\u00edtulo del seminario:<\/strong>&nbsp;II Seminario de Historia Intelectual de la Pol\u00edtica Moderna.<br><strong>Ponentes:<\/strong><br><strong>Conferenciantes invitados:<\/strong>Jos\u00e9 Mar\u00eda Gonz\u00e1lez Garc\u00eda (CSIC), \u201cMet\u00e1fora e iconograf\u00eda pol\u00edtica: de la diosa Fortuna al \u00e1ngel de la Historia\u201d, Juan Francisco Fuentes, \u201cSobre el concepto de liberalismo femenino: Mujeres, exilio y clandestinidad en la \u2018D\u00e9cada Ominosa? (1823-1833)\u201d, Jordi Roca Vernet (Universidad Aut\u00f3noma de Barcelona), \u201cSobre el uso dela Historia en los discursos de naci\u00f3n del liberalismo exaltado en Barcelona (1820-1823)\u201d<br><strong>Organizaci\u00f3n:<\/strong>&nbsp;Grupo de Investigaci\u00f3n en Historia Intelectual de la Pol\u00edtica Moderna<br><strong>Lugar:<\/strong>&nbsp;Facultad de Ciencias de la Informaci\u00f3n, Leioa<br><strong>Fecha:<\/strong>&nbsp;27\/03\/2009<\/p>\n\n\n\n<div class=\"wp-block-file\"><a id=\"wp-block-file--media-68b6991d-8673-4df6-8ca6-b8851bf4fdd4\" href=\"https:\/\/historiaintelectual.es\/wp-content\/uploads\/2023\/06\/II-Seminario-GHIPM.pdf\">II-Seminario-GHIPM<\/a><a href=\"https:\/\/historiaintelectual.es\/wp-content\/uploads\/2023\/06\/II-Seminario-GHIPM.pdf\" class=\"wp-block-file__button wp-element-button\" download aria-describedby=\"wp-block-file--media-68b6991d-8673-4df6-8ca6-b8851bf4fdd4\">Descarga<\/a><\/div>\n\n\n\n<hr class=\"wp-block-separator has-alpha-channel-opacity is-style-wide\"\/>\n\n\n\n<p class=\"has-small-font-size\"><strong>T\u00edtulo del seminario:<\/strong>&nbsp;I Seminario de Historia Intelectual de la Pol\u00edtica Moderna<br><strong>Ponentes:<\/strong>&nbsp;Jos\u00e9 Mar\u00eda Rosales, \u201cEl ejercicio de los derechos y la igualdad de oportunidades\u201d<br><strong>Organizaci\u00f3n:<\/strong>&nbsp;Grupo de Historia Intelectual de la Pol\u00edtica Moderna<br><strong>Lugar:<\/strong>&nbsp;Seminario 8, Facultad de Ciencias de la Comunicaci\u00f3n, Leioa<br><strong>Fecha:<\/strong>&nbsp;09\/05\/2008<\/p>\n\n\n\n<div class=\"wp-block-file\"><a id=\"wp-block-file--media-72644b9e-d12f-4a33-a33f-efb4d930ffce\" href=\"https:\/\/historiaintelectual.es\/wp-content\/uploads\/2023\/06\/I-Seminario-GHIPM.pdf\">I-Seminario-GHIPM<\/a><a href=\"https:\/\/historiaintelectual.es\/wp-content\/uploads\/2023\/06\/I-Seminario-GHIPM.pdf\" class=\"wp-block-file__button wp-element-button\" download aria-describedby=\"wp-block-file--media-72644b9e-d12f-4a33-a33f-efb4d930ffce\">Descarga<\/a><\/div>\n","protected":false},"excerpt":{"rendered":"<p>SEMINARIOS SEMINARIOS 2024 T\u00edtulo del seminario:\u00a0Los conceptos de neutralidad y laicidad en el Estado constitucionalPonentes:\u00a0Juan Carlos Gavara de Cara y V\u00edctor V\u00e1zquez AlonsoOrganizaci\u00f3n:\u00a0Grupo de Historia Intelectual de la Pol\u00edtica ModernaLugar:\u00a0Campus de Leioa, Fac. Ciencias Sociales, Seminario CFecha:\u00a008\/02\/2024 T\u00edtulo del seminario:\u00a0Cambios&#8230; <a class=\"more-link\" href=\"https:\/\/historiaintelectual.es\/?page_id=14\">Seguir leyendo &rarr;<\/a><\/p>\n","protected":false},"author":1,"featured_media":0,"parent":0,"menu_order":0,"comment_status":"closed","ping_status":"closed","template":"","meta":[],"_links":{"self":[{"href":"https:\/\/historiaintelectual.es\/index.php?rest_route=\/wp\/v2\/pages\/14"}],"collection":[{"href":"https:\/\/historiaintelectual.es\/index.php?rest_route=\/wp\/v2\/pages"}],"about":[{"href":"https:\/\/historiaintelectual.es\/index.php?rest_route=\/wp\/v2\/types\/page"}],"author":[{"embeddable":true,"href":"https:\/\/historiaintelectual.es\/index.php?rest_route=\/wp\/v2\/users\/1"}],"replies":[{"embeddable":true,"href":"https:\/\/historiaintelectual.es\/index.php?rest_route=%2Fwp%2Fv2%2Fcomments&post=14"}],"version-history":[{"count":10,"href":"https:\/\/historiaintelectual.es\/index.php?rest_route=\/wp\/v2\/pages\/14\/revisions"}],"predecessor-version":[{"id":304,"href":"https:\/\/historiaintelectual.es\/index.php?rest_route=\/wp\/v2\/pages\/14\/revisions\/304"}],"wp:attachment":[{"href":"https:\/\/historiaintelectual.es\/index.php?rest_route=%2Fwp%2Fv2%2Fmedia&parent=14"}],"curies":[{"name":"wp","href":"https:\/\/api.w.org\/{rel}","templated":true}]}}